{"id":15360,"date":"2024-07-16T18:32:07","date_gmt":"2024-07-16T18:32:07","guid":{"rendered":"https:\/\/thecastle.com.pl\/?page_id=15360"},"modified":"2024-07-21T20:13:14","modified_gmt":"2024-07-21T20:13:14","slug":"paquete-de-empresa","status":"publish","type":"page","link":"https:\/\/thecastle.com.pl\/es\/paquete-de-empresa\/","title":{"rendered":"Paquete para eventos de empresa"},"content":{"rendered":"<div data-elementor-type=\"wp-page\" data-elementor-id=\"15360\" class=\"elementor elementor-15360\">\n\t\t\t\t\t\t<section class=\"elementor-section elementor-top-section elementor-element elementor-element-1ff259d1 elementor-section-full_width elementor-section-height-default elementor-section-height-default\" data-id=\"1ff259d1\" data-element_type=\"section\">\n\t\t\t\t\t\t<div class=\"elementor-container elementor-column-gap-default\">\n\t\t\t\t\t<div class=\"elementor-column elementor-col-50 elementor-top-column elementor-element elementor-element-5db8123d\" data-id=\"5db8123d\" data-element_type=\"column\" data-settings=\"{&quot;background_background&quot;:&quot;classic&quot;}\">\n\t\t\t<div class=\"elementor-widget-wrap elementor-element-populated\">\n\t\t\t\t\t\t<section class=\"elementor-section elementor-inner-section elementor-element elementor-element-669b3ef7 thmv-inner-container thmv-inner-right elementor-section-boxed elementor-section-height-default elementor-section-height-default\" data-id=\"669b3ef7\" data-element_type=\"section\">\n\t\t\t\t\t\t<div class=\"elementor-container elementor-column-gap-no\">\n\t\t\t\t\t<div class=\"elementor-column elementor-col-100 elementor-inner-column elementor-element elementor-element-77a83fb0 thmv-flex-right\" data-id=\"77a83fb0\" data-element_type=\"column\">\n\t\t\t<div class=\"elementor-widget-wrap elementor-element-populated\">\n\t\t\t\t\t\t<div class=\"elementor-element elementor-element-50335b83 elementor-view-default elementor-widget elementor-widget-themo-header\" data-id=\"50335b83\" data-element_type=\"widget\" data-widget_type=\"themo-header.default\">\n\t\t\t\t<div class=\"elementor-widget-container\">\n\t\t\t\t\t\t\t<div class=\"th-header-wrap\">\n        <div class=\"elementor-icon-box-wrapper\">\n                            <div class=\"elementor-icon-box-content\">\n                    <h2 class=\"elementor-icon-box-title\">\n                        Paquete para eventos de empresa                    <\/h2>\n                                        <p class=\"elementor-icon-box-description\">Nuestra propiedad es perfecta para peque\u00f1as empresas o equipos que buscan alojamiento privado para eventos o sesiones de formaci\u00f3n en Cracovia.<\/p>\n\n                                            <div class=\"th-btn-wrap\">\n                                                            <a class=\"btn-1 btn th-btn btn-ghost-light\" href=\"https:\/\/thecastle.com.pl\/es\/contacto\/\">\n                                                                            Contacto                                                                    <\/a>\n                            \n                                                    <\/div>\n                                    <\/div>\n            <\/div>\n\n        <\/div>\n\n\t\t\t\t\t\t<\/div>\n\t\t\t\t<\/div>\n\t\t\t\t\t<\/div>\n\t\t<\/div>\n\t\t\t\t\t<\/div>\n\t\t<\/section>\n\t\t\t\t\t<\/div>\n\t\t<\/div>\n\t\t\t\t<div class=\"elementor-column elementor-col-50 elementor-top-column elementor-element elementor-element-f7d384d\" data-id=\"f7d384d\" data-element_type=\"column\" data-settings=\"{&quot;background_background&quot;:&quot;classic&quot;}\">\n\t\t\t<div class=\"elementor-widget-wrap elementor-element-populated\">\n\t\t\t\t\t\t\t<\/div>\n\t\t<\/div>\n\t\t\t\t\t<\/div>\n\t\t<\/section>\n\t\t\t\t<section class=\"elementor-section elementor-top-section elementor-element elementor-element-5f01ad14 elementor-section-boxed elementor-section-height-default elementor-section-height-default\" data-id=\"5f01ad14\" data-element_type=\"section\">\n\t\t\t\t\t\t<div class=\"elementor-container elementor-column-gap-default\">\n\t\t\t\t\t<div class=\"elementor-column elementor-col-100 elementor-top-column elementor-element elementor-element-6f4892c6\" data-id=\"6f4892c6\" data-element_type=\"column\">\n\t\t\t<div class=\"elementor-widget-wrap elementor-element-populated\">\n\t\t\t\t\t\t<div class=\"elementor-element elementor-element-1c6d0ea3 elementor-widget elementor-widget-text-editor\" data-id=\"1c6d0ea3\" data-element_type=\"widget\" data-widget_type=\"text-editor.default\">\n\t\t\t\t<div class=\"elementor-widget-container\">\n\t\t\t\t\t\t\t\t\t<p>Planificar un evento de empresa, una sesi\u00f3n de formaci\u00f3n o una actividad de creaci\u00f3n de equipos en Cracovia puede ser todo un reto, especialmente para las empresas con un presupuesto ajustado. Deja que nos ocupemos de tus necesidades de alojamiento para que puedas centrarte en tus actividades.<\/p><p>Ofrecemos la opci\u00f3n de reservar toda nuestra propiedad para su empresa y utilizar nuestra sala com\u00fan para sus sesiones de formaci\u00f3n o reuniones. Nuestra propiedad es ideal para peque\u00f1as empresas o equipos de hasta 12 miembros (sin compartir habitaciones).<\/p><h3>100% Privacidad<\/h3><p>Al reservar toda nuestra propiedad, se asegura de que su equipo no se encontrar\u00e1 con ning\u00fan invitado externo, lo que proporciona un entorno privado y centrado.<\/p><h3>Tarifas muy competitivas<\/h3><p>Nuestras tarifas son muy asequibles en comparaci\u00f3n con los hoteles del centro de Cracovia, por lo que es una opci\u00f3n econ\u00f3mica.<\/p><h3>Acceso ajardinado y entorno verde<\/h3><p>Su equipo podr\u00e1 disfrutar de acceso a nuestro jard\u00edn y terraza, lo que les permitir\u00e1 relajarse en un entorno verde y con los sonidos de la naturaleza siempre que necesiten un descanso de sus reuniones o eventos.<\/p><h3>Aparcamiento gratuito<\/h3><p>Nuestra zona de aparcamiento privado tiene capacidad para 11 coches, lo que le ayudar\u00e1 a evitar las caras multas y tasas de aparcamiento.<\/p><h3>Uso ilimitado de la sala de conferencias<\/h3><p>Durante su estancia, podr\u00e1 utilizar nuestra sala com\u00fan para reuniones o sesiones de formaci\u00f3n hasta las 20.00 horas. La sala est\u00e1 equipada con un monitor, una impresora y un rotafolio, y puede alojar c\u00f3modamente hasta 16-18 personas.<\/p><p><a href=\"https:\/\/thecastle.com.pl\/es\/contacto\/\">Contacta con nosotros<\/a> para obtener m\u00e1s informaci\u00f3n o solicitar un presupuesto.<\/p>\t\t\t\t\t\t\t\t<\/div>\n\t\t\t\t<\/div>\n\t\t\t\t\t<\/div>\n\t\t<\/div>\n\t\t\t\t\t<\/div>\n\t\t<\/section>\n\t\t\t\t<section class=\"elementor-section elementor-top-section elementor-element elementor-element-86090d8 elementor-section-boxed elementor-section-height-default elementor-section-height-default\" data-id=\"86090d8\" data-element_type=\"section\">\n\t\t\t\t\t\t<div class=\"elementor-container elementor-column-gap-default\">\n\t\t\t\t\t<div class=\"elementor-column elementor-col-100 elementor-top-column elementor-element elementor-element-1edc1ff8\" data-id=\"1edc1ff8\" data-element_type=\"column\">\n\t\t\t<div class=\"elementor-widget-wrap elementor-element-populated\">\n\t\t\t\t\t\t<div class=\"elementor-element elementor-element-527377b6 elementor-widget elementor-widget-themo-image-gallery\" data-id=\"527377b6\" data-element_type=\"widget\" data-widget_type=\"themo-image-gallery.default\">\n\t\t\t\t<div class=\"elementor-widget-container\">\n\t\t\t\t\t\t\t<div class=\"elementor-image-gallery th-image-stretch\">\n\t\t\t<div class=\"gallery gallery-15360-1\"><div class=\"row gallery-row\"><div class=\"col-sm-4 col-lg-4\"><a data-toggle=\"lightbox\" data-gallery=\"multiimages\" data-title=\"conference room with flip chart\"  class=\"thumbnail img-thumbnail\" href='https:\/\/thecastle.com.pl\/wp-content\/uploads\/2024\/07\/conf-room-1-1124x950.jpg'><img fetchpriority=\"high\" decoding=\"async\" width=\"605\" height=\"605\" src=\"https:\/\/thecastle.com.pl\/wp-content\/uploads\/2024\/07\/conf-room-1-605x605.jpg\" class=\"attachment-th_img_md_square size-th_img_md_square\" alt=\"sala de conferencias con rotafolio\" srcset=\"https:\/\/thecastle.com.pl\/wp-content\/uploads\/2024\/07\/conf-room-1-605x605.jpg 605w, https:\/\/thecastle.com.pl\/wp-content\/uploads\/2024\/07\/conf-room-1-150x150.jpg 150w, https:\/\/thecastle.com.pl\/wp-content\/uploads\/2024\/07\/conf-room-1-394x394.jpg 394w\" sizes=\"(max-width: 605px) 100vw, 605px\" \/><\/a><div class=\"gallery-text\"><div class=\"image-title\">sala de conferencias<\/div><div class=\"caption\">sala de conferencias<\/div><\/div><\/div><div class=\"col-sm-4 col-lg-4\"><a data-toggle=\"lightbox\" data-gallery=\"multiimages\" data-title=\"\"  class=\"thumbnail img-thumbnail\" href='https:\/\/thecastle.com.pl\/wp-content\/uploads\/2023\/02\/WhatsApp-Image-2023-02-14-at-18.07.20-1240x826.jpeg'><img decoding=\"async\" width=\"605\" height=\"605\" src=\"https:\/\/thecastle.com.pl\/wp-content\/uploads\/2023\/02\/WhatsApp-Image-2023-02-14-at-18.07.20-605x605.jpeg\" class=\"attachment-th_img_md_square size-th_img_md_square\" alt=\"\" srcset=\"https:\/\/thecastle.com.pl\/wp-content\/uploads\/2023\/02\/WhatsApp-Image-2023-02-14-at-18.07.20-605x605.jpeg 605w, https:\/\/thecastle.com.pl\/wp-content\/uploads\/2023\/02\/WhatsApp-Image-2023-02-14-at-18.07.20-150x150.jpeg 150w, https:\/\/thecastle.com.pl\/wp-content\/uploads\/2023\/02\/WhatsApp-Image-2023-02-14-at-18.07.20-394x394.jpeg 394w\" sizes=\"(max-width: 605px) 100vw, 605px\" \/><\/a><div class=\"gallery-text\"><div class=\"image-title\">adama-habeli-12<\/div><div class=\"caption\">Fachada del edificio<\/div><\/div><\/div><div class=\"col-sm-4 col-lg-4\"><a data-toggle=\"lightbox\" data-gallery=\"multiimages\" data-title=\"patio and garden with tables and chairs\"  class=\"thumbnail img-thumbnail\" href='https:\/\/thecastle.com.pl\/wp-content\/uploads\/2024\/07\/garden2.jpg'><img decoding=\"async\" width=\"605\" height=\"605\" src=\"https:\/\/thecastle.com.pl\/wp-content\/uploads\/2024\/07\/garden2-605x605.jpg\" class=\"attachment-th_img_md_square size-th_img_md_square\" alt=\"patio y jard\u00edn con mesas y sillas\" srcset=\"https:\/\/thecastle.com.pl\/wp-content\/uploads\/2024\/07\/garden2-605x605.jpg 605w, https:\/\/thecastle.com.pl\/wp-content\/uploads\/2024\/07\/garden2-150x150.jpg 150w, https:\/\/thecastle.com.pl\/wp-content\/uploads\/2024\/07\/garden2-394x394.jpg 394w\" sizes=\"(max-width: 605px) 100vw, 605px\" \/><\/a><div class=\"gallery-text\"><div class=\"image-title\">jard\u00edn<\/div><div class=\"caption\">patio + jard\u00edn<\/div><\/div><\/div><\/div><div class=\"row gallery-row\"><div class=\"col-sm-4 col-lg-4\"><a data-toggle=\"lightbox\" data-gallery=\"multiimages\" data-title=\"garden with tables and chairs\"  class=\"thumbnail img-thumbnail\" href='https:\/\/thecastle.com.pl\/wp-content\/uploads\/2024\/07\/garden3.jpg'><img loading=\"lazy\" decoding=\"async\" width=\"605\" height=\"605\" src=\"https:\/\/thecastle.com.pl\/wp-content\/uploads\/2024\/07\/garden3-605x605.jpg\" class=\"attachment-th_img_md_square size-th_img_md_square\" alt=\"jard\u00edn con mesas y sillas\" srcset=\"https:\/\/thecastle.com.pl\/wp-content\/uploads\/2024\/07\/garden3-605x605.jpg 605w, https:\/\/thecastle.com.pl\/wp-content\/uploads\/2024\/07\/garden3-150x150.jpg 150w, https:\/\/thecastle.com.pl\/wp-content\/uploads\/2024\/07\/garden3-394x394.jpg 394w\" sizes=\"(max-width: 605px) 100vw, 605px\" \/><\/a><div class=\"gallery-text\"><div class=\"image-title\">jard\u00edn3<\/div><div class=\"caption\">jard\u00edn<\/div><\/div><\/div><div class=\"col-sm-4 col-lg-4\"><a data-toggle=\"lightbox\" data-gallery=\"multiimages\" data-title=\"\"  class=\"thumbnail img-thumbnail\" href='https:\/\/thecastle.com.pl\/wp-content\/uploads\/2023\/02\/bath-4-room10-1-1240x826.jpeg'><img loading=\"lazy\" decoding=\"async\" width=\"605\" height=\"605\" src=\"https:\/\/thecastle.com.pl\/wp-content\/uploads\/2023\/02\/bath-4-room10-1-605x605.jpeg\" class=\"attachment-th_img_md_square size-th_img_md_square\" alt=\"\" srcset=\"https:\/\/thecastle.com.pl\/wp-content\/uploads\/2023\/02\/bath-4-room10-1-605x605.jpeg 605w, https:\/\/thecastle.com.pl\/wp-content\/uploads\/2023\/02\/bath-4-room10-1-150x150.jpeg 150w, https:\/\/thecastle.com.pl\/wp-content\/uploads\/2023\/02\/bath-4-room10-1-394x394.jpeg 394w\" sizes=\"(max-width: 605px) 100vw, 605px\" \/><\/a><div class=\"gallery-text\"><div class=\"image-title\">ba\u00f1o-4-habitaci\u00f3n10<\/div><div class=\"caption\">Ba\u00f1o en la suite Queen<\/div><\/div><\/div><div class=\"col-sm-4 col-lg-4\"><a data-toggle=\"lightbox\" data-gallery=\"multiimages\" data-title=\"\"  class=\"thumbnail img-thumbnail\" href='https:\/\/thecastle.com.pl\/wp-content\/uploads\/2023\/02\/bed-3-room10-1240x826.jpeg'><img loading=\"lazy\" decoding=\"async\" width=\"605\" height=\"605\" src=\"https:\/\/thecastle.com.pl\/wp-content\/uploads\/2023\/02\/bed-3-room10-605x605.jpeg\" class=\"attachment-th_img_md_square size-th_img_md_square\" alt=\"\" srcset=\"https:\/\/thecastle.com.pl\/wp-content\/uploads\/2023\/02\/bed-3-room10-605x605.jpeg 605w, https:\/\/thecastle.com.pl\/wp-content\/uploads\/2023\/02\/bed-3-room10-150x150.jpeg 150w, https:\/\/thecastle.com.pl\/wp-content\/uploads\/2023\/02\/bed-3-room10-394x394.jpeg 394w\" sizes=\"(max-width: 605px) 100vw, 605px\" \/><\/a><div class=\"gallery-text\"><div class=\"image-title\">cama-3-habitaci\u00f3n10<\/div><div class=\"caption\">dormitorio queen suite<\/div><\/div><\/div><\/div><div class=\"row gallery-row\"><div class=\"col-sm-4 col-lg-4\"><a data-toggle=\"lightbox\" data-gallery=\"multiimages\" data-title=\"\"  class=\"thumbnail img-thumbnail\" href='https:\/\/thecastle.com.pl\/wp-content\/uploads\/2023\/09\/WhatsApp-Image-2023-09-07-at-22.48.25-1240x930.jpeg'><img loading=\"lazy\" decoding=\"async\" width=\"605\" height=\"605\" src=\"https:\/\/thecastle.com.pl\/wp-content\/uploads\/2023\/09\/WhatsApp-Image-2023-09-07-at-22.48.25-605x605.jpeg\" class=\"attachment-th_img_md_square size-th_img_md_square\" alt=\"\" srcset=\"https:\/\/thecastle.com.pl\/wp-content\/uploads\/2023\/09\/WhatsApp-Image-2023-09-07-at-22.48.25-605x605.jpeg 605w, https:\/\/thecastle.com.pl\/wp-content\/uploads\/2023\/09\/WhatsApp-Image-2023-09-07-at-22.48.25-150x150.jpeg 150w, https:\/\/thecastle.com.pl\/wp-content\/uploads\/2023\/09\/WhatsApp-Image-2023-09-07-at-22.48.25-394x394.jpeg 394w\" sizes=\"(max-width: 605px) 100vw, 605px\" \/><\/a><div class=\"gallery-text\"><div class=\"image-title\">sala11-sal\u00f3n<\/div><div class=\"caption\">Suite 11<\/div><\/div><\/div><div class=\"col-sm-4 col-lg-4\"><a data-toggle=\"lightbox\" data-gallery=\"multiimages\" data-title=\"\"  class=\"thumbnail img-thumbnail\" href='https:\/\/thecastle.com.pl\/wp-content\/uploads\/2023\/09\/bed-1-room5-1240x826.jpeg'><img loading=\"lazy\" decoding=\"async\" width=\"605\" height=\"605\" src=\"https:\/\/thecastle.com.pl\/wp-content\/uploads\/2023\/09\/bed-1-room5-605x605.jpeg\" class=\"attachment-th_img_md_square size-th_img_md_square\" alt=\"\" srcset=\"https:\/\/thecastle.com.pl\/wp-content\/uploads\/2023\/09\/bed-1-room5-605x605.jpeg 605w, https:\/\/thecastle.com.pl\/wp-content\/uploads\/2023\/09\/bed-1-room5-150x150.jpeg 150w, https:\/\/thecastle.com.pl\/wp-content\/uploads\/2023\/09\/bed-1-room5-394x394.jpeg 394w\" sizes=\"(max-width: 605px) 100vw, 605px\" \/><\/a><div class=\"gallery-text\"><div class=\"image-title\">cama-1-habitaci\u00f3n5<\/div><div class=\"caption\">Dormitorio circular<\/div><\/div><\/div><div class=\"col-sm-4 col-lg-4\"><a data-toggle=\"lightbox\" data-gallery=\"multiimages\" data-title=\"\"  class=\"thumbnail img-thumbnail\" href='https:\/\/thecastle.com.pl\/wp-content\/uploads\/2023\/02\/castle-stairs-1240x826.jpeg'><img loading=\"lazy\" decoding=\"async\" width=\"605\" height=\"605\" src=\"https:\/\/thecastle.com.pl\/wp-content\/uploads\/2023\/02\/castle-stairs-605x605.jpeg\" class=\"attachment-th_img_md_square size-th_img_md_square\" alt=\"\" srcset=\"https:\/\/thecastle.com.pl\/wp-content\/uploads\/2023\/02\/castle-stairs-605x605.jpeg 605w, https:\/\/thecastle.com.pl\/wp-content\/uploads\/2023\/02\/castle-stairs-150x150.jpeg 150w, https:\/\/thecastle.com.pl\/wp-content\/uploads\/2023\/02\/castle-stairs-394x394.jpeg 394w\" sizes=\"(max-width: 605px) 100vw, 605px\" \/><\/a><div class=\"gallery-text\"><div class=\"image-title\">escaleras del castillo<\/div><div class=\"caption\">Vest\u00edbulo - Planta baja<\/div><\/div><\/div><\/div><\/div>\t\t<\/div>\n\t\t\t\t\t\t<\/div>\n\t\t\t\t<\/div>\n\t\t\t\t\t<\/div>\n\t\t<\/div>\n\t\t\t\t\t<\/div>\n\t\t<\/section>\n\t\t\t\t<section class=\"elementor-section elementor-top-section elementor-element elementor-element-648bc6d1 elementor-section-boxed elementor-section-height-default elementor-section-height-default\" data-id=\"648bc6d1\" data-element_type=\"section\" data-settings=\"{&quot;background_background&quot;:&quot;classic&quot;}\">\n\t\t\t\t\t\t<div class=\"elementor-container elementor-column-gap-default\">\n\t\t\t\t\t<div class=\"elementor-column elementor-col-100 elementor-top-column elementor-element elementor-element-710c6e88\" data-id=\"710c6e88\" data-element_type=\"column\">\n\t\t\t<div class=\"elementor-widget-wrap elementor-element-populated\">\n\t\t\t\t\t\t<section class=\"elementor-section elementor-inner-section elementor-element elementor-element-6ea4a779 elementor-section-boxed elementor-section-height-default elementor-section-height-default\" data-id=\"6ea4a779\" data-element_type=\"section\">\n\t\t\t\t\t\t<div class=\"elementor-container elementor-column-gap-default\">\n\t\t\t\t\t<div class=\"elementor-column elementor-col-25 elementor-inner-column elementor-element elementor-element-619674ae\" data-id=\"619674ae\" data-element_type=\"column\">\n\t\t\t<div class=\"elementor-widget-wrap elementor-element-populated\">\n\t\t\t\t\t\t<div class=\"elementor-element elementor-element-2d9fff8c elementor-view-default elementor-position-top elementor-widget elementor-widget-themo-header\" data-id=\"2d9fff8c\" data-element_type=\"widget\" data-widget_type=\"themo-header.default\">\n\t\t\t\t<div class=\"elementor-widget-container\">\n\t\t\t\t\t\t\t<div class=\"th-header-wrap\">\n        <div class=\"elementor-icon-box-wrapper th-show-icon\">\n                            <div class=\"elementor-icon-box-icon th-icon-size-sm\">\n                    <span class=\"elementor-icon\">\n                        <i aria-hidden=\"true\" class=\"fas fa-parking\"><\/i>                    <\/span>\n                <\/div>\n                                <div class=\"elementor-icon-box-content\">\n                    <h3 class=\"elementor-icon-box-title\">\n                        Aparcamiento gratuito                    <\/h3>\n                                        <p class=\"elementor-icon-box-description\">Aparca gratis tu coche in situ y evita multas y tarifas de aparcamiento caras.<\/p>\n\n                                    <\/div>\n            <\/div>\n\n        <\/div>\n\n\t\t\t\t\t\t<\/div>\n\t\t\t\t<\/div>\n\t\t\t\t\t<\/div>\n\t\t<\/div>\n\t\t\t\t<div class=\"elementor-column elementor-col-25 elementor-inner-column elementor-element elementor-element-1f332ed\" data-id=\"1f332ed\" data-element_type=\"column\">\n\t\t\t<div class=\"elementor-widget-wrap elementor-element-populated\">\n\t\t\t\t\t\t<div class=\"elementor-element elementor-element-5dab60 elementor-view-default elementor-position-top elementor-widget elementor-widget-themo-header\" data-id=\"5dab60\" data-element_type=\"widget\" data-widget_type=\"themo-header.default\">\n\t\t\t\t<div class=\"elementor-widget-container\">\n\t\t\t\t\t\t\t<div class=\"th-header-wrap\">\n        <div class=\"elementor-icon-box-wrapper th-show-icon\">\n                            <div class=\"elementor-icon-box-icon th-icon-size-sm\">\n                    <span class=\"elementor-icon\">\n                        <i aria-hidden=\"true\" class=\"fas fa-wifi\"><\/i>                    <\/span>\n                <\/div>\n                                <div class=\"elementor-icon-box-content\">\n                    <h3 class=\"elementor-icon-box-title\">\n                        Wifi gratis                    <\/h3>\n                                        <p class=\"elementor-icon-box-description\">Mantente conectado con wifi gratuito en todo el edificio.<\/p>\n\n                                    <\/div>\n            <\/div>\n\n        <\/div>\n\n\t\t\t\t\t\t<\/div>\n\t\t\t\t<\/div>\n\t\t\t\t\t<\/div>\n\t\t<\/div>\n\t\t\t\t<div class=\"elementor-column elementor-col-25 elementor-inner-column elementor-element elementor-element-597a3d8c\" data-id=\"597a3d8c\" data-element_type=\"column\">\n\t\t\t<div class=\"elementor-widget-wrap elementor-element-populated\">\n\t\t\t\t\t\t<div class=\"elementor-element elementor-element-64df52e4 elementor-view-default elementor-position-top elementor-widget elementor-widget-themo-header\" data-id=\"64df52e4\" data-element_type=\"widget\" data-widget_type=\"themo-header.default\">\n\t\t\t\t<div class=\"elementor-widget-container\">\n\t\t\t\t\t\t\t<div class=\"th-header-wrap\">\n        <div class=\"elementor-icon-box-wrapper th-show-icon\">\n                            <div class=\"elementor-icon-box-icon th-icon-size-sm\">\n                    <span class=\"elementor-icon\">\n                        <i aria-hidden=\"true\" class=\"fas fa-money-bill-alt\"><\/i>                    <\/span>\n                <\/div>\n                                <div class=\"elementor-icon-box-content\">\n                    <h3 class=\"elementor-icon-box-title\">\n                        Precios asequibles                    <\/h3>\n                                        <p class=\"elementor-icon-box-description\">Ahorra dinero en alojamientos excesivamente caros en el centro de la ciudad.<\/p>\n\n                                    <\/div>\n            <\/div>\n\n        <\/div>\n\n\t\t\t\t\t\t<\/div>\n\t\t\t\t<\/div>\n\t\t\t\t\t<\/div>\n\t\t<\/div>\n\t\t\t\t<div class=\"elementor-column elementor-col-25 elementor-inner-column elementor-element elementor-element-12d0d30c\" data-id=\"12d0d30c\" data-element_type=\"column\">\n\t\t\t<div class=\"elementor-widget-wrap elementor-element-populated\">\n\t\t\t\t\t\t<div class=\"elementor-element elementor-element-7972dae7 elementor-view-default elementor-position-top elementor-widget elementor-widget-themo-header\" data-id=\"7972dae7\" data-element_type=\"widget\" data-widget_type=\"themo-header.default\">\n\t\t\t\t<div class=\"elementor-widget-container\">\n\t\t\t\t\t\t\t<div class=\"th-header-wrap\">\n        <div class=\"elementor-icon-box-wrapper th-show-icon\">\n                            <div class=\"elementor-icon-box-icon th-icon-size-sm\">\n                    <span class=\"elementor-icon\">\n                        <i aria-hidden=\"true\" class=\"fas fa-coffee\"><\/i>                    <\/span>\n                <\/div>\n                                <div class=\"elementor-icon-box-content\">\n                    <h3 class=\"elementor-icon-box-title\">\n                        Caf\u00e9 gratuito                    <\/h3>\n                                        <p class=\"elementor-icon-box-description\">Disfruta de una relajante taza de caf\u00e9 c\u00f3modamente en tu habitaci\u00f3n.<\/p>\n\n                                    <\/div>\n            <\/div>\n\n        <\/div>\n\n\t\t\t\t\t\t<\/div>\n\t\t\t\t<\/div>\n\t\t\t\t\t<\/div>\n\t\t<\/div>\n\t\t\t\t\t<\/div>\n\t\t<\/section>\n\t\t\t\t\t<\/div>\n\t\t<\/div>\n\t\t\t\t\t<\/div>\n\t\t<\/section>\n\t\t\t\t<section class=\"elementor-section elementor-top-section elementor-element elementor-element-47384d0d elementor-section-boxed elementor-section-height-default elementor-section-height-default\" data-id=\"47384d0d\" data-element_type=\"section\" data-settings=\"{&quot;background_background&quot;:&quot;classic&quot;}\">\n\t\t\t\t\t\t<div class=\"elementor-container elementor-column-gap-no\">\n\t\t\t\t\t<div class=\"elementor-column elementor-col-50 elementor-top-column elementor-element elementor-element-49574728\" data-id=\"49574728\" data-element_type=\"column\">\n\t\t\t<div class=\"elementor-widget-wrap elementor-element-populated\">\n\t\t\t\t\t\t<div class=\"elementor-element elementor-element-2e5cfe6a elementor-widget elementor-widget-image\" data-id=\"2e5cfe6a\" data-element_type=\"widget\" data-widget_type=\"image.default\">\n\t\t\t\t<div class=\"elementor-widget-container\">\n\t\t\t\t\t\t\t\t\t\t\t\t\t\t\t<img loading=\"lazy\" decoding=\"async\" width=\"605\" height=\"806\" src=\"https:\/\/thecastle.com.pl\/wp-content\/uploads\/2023\/02\/booking-rating-605x806.jpeg\" class=\"attachment-th_img_md_portrait size-th_img_md_portrait wp-image-5363\" alt=\"\" \/>\t\t\t\t\t\t\t\t\t\t\t\t\t\t\t<\/div>\n\t\t\t\t<\/div>\n\t\t\t\t\t<\/div>\n\t\t<\/div>\n\t\t\t\t<div class=\"elementor-column elementor-col-50 elementor-top-column elementor-element elementor-element-59e56a4\" data-id=\"59e56a4\" data-element_type=\"column\">\n\t\t\t<div class=\"elementor-widget-wrap elementor-element-populated\">\n\t\t\t\t\t\t<div class=\"elementor-element elementor-element-2cfd55f0 elementor-view-default elementor-position-top elementor-widget elementor-widget-themo-header\" data-id=\"2cfd55f0\" data-element_type=\"widget\" data-widget_type=\"themo-header.default\">\n\t\t\t\t<div class=\"elementor-widget-container\">\n\t\t\t\t\t\t\t<div class=\"th-header-wrap\">\n        <div class=\"elementor-icon-box-wrapper\">\n                            <div class=\"elementor-icon-box-content\">\n                    <h4 class=\"elementor-icon-box-title\">\n                        M\u00e1s acerca de nosotros                    <\/h4>\n                                        <p class=\"elementor-icon-box-description\"><\/p>\n\n                                    <\/div>\n            <\/div>\n\n        <\/div>\n\n\t\t\t\t\t\t<\/div>\n\t\t\t\t<\/div>\n\t\t\t\t<div class=\"elementor-element elementor-element-46d8fa1c elementor-view-default elementor-position-top elementor-widget elementor-widget-themo-header\" data-id=\"46d8fa1c\" data-element_type=\"widget\" data-widget_type=\"themo-header.default\">\n\t\t\t\t<div class=\"elementor-widget-container\">\n\t\t\t\t\t\t\t<div class=\"th-header-wrap\">\n        <div class=\"elementor-icon-box-wrapper\">\n                            <div class=\"elementor-icon-box-content\">\n                    <h2 class=\"elementor-icon-box-title\">\n                        Muy bien valorado por las agencias de viajes en Internet                    <\/h2>\n                                        <p class=\"elementor-icon-box-description\"><\/p>\n\n                                    <\/div>\n            <\/div>\n\n        <\/div>\n\n\t\t\t\t\t\t<\/div>\n\t\t\t\t<\/div>\n\t\t\t\t<div class=\"elementor-element elementor-element-7732f18c elementor-widget elementor-widget-text-editor\" data-id=\"7732f18c\" data-element_type=\"widget\" data-widget_type=\"text-editor.default\">\n\t\t\t\t<div class=\"elementor-widget-container\">\n\t\t\t\t\t\t\t\t\t<p>Nuestra propiedad est\u00e1 muy bien valorada por nuestros hu\u00e9spedes por su ubicaci\u00f3n tranquila y discreta, aparcamiento gratuito, limpieza, camas c\u00f3modas y experiencia \u00fanica en general.<\/p><p>Tambi\u00e9n ofrecemos una variedad de servicios, como caf\u00e9 y t\u00e9 gratuitos, para que su estancia sea a\u00fan m\u00e1s agradable.<\/p>\t\t\t\t\t\t\t\t<\/div>\n\t\t\t\t<\/div>\n\t\t\t\t\t<\/div>\n\t\t<\/div>\n\t\t\t\t\t<\/div>\n\t\t<\/section>\n\t\t\t\t<section class=\"elementor-section elementor-top-section elementor-element elementor-element-4dd7ff7f elementor-section-height-min-height elementor-section-boxed elementor-section-height-default elementor-section-items-middle\" data-id=\"4dd7ff7f\" data-element_type=\"section\" data-settings=\"{&quot;background_background&quot;:&quot;classic&quot;}\">\n\t\t\t\t\t\t<div class=\"elementor-container elementor-column-gap-default\">\n\t\t\t\t\t<div class=\"elementor-column elementor-col-100 elementor-top-column elementor-element elementor-element-5119270a\" data-id=\"5119270a\" data-element_type=\"column\">\n\t\t\t<div class=\"elementor-widget-wrap elementor-element-populated\">\n\t\t\t\t\t\t<section class=\"elementor-section elementor-inner-section elementor-element elementor-element-605229fd elementor-section-boxed elementor-section-height-default elementor-section-height-default\" data-id=\"605229fd\" data-element_type=\"section\" data-settings=\"{&quot;background_background&quot;:&quot;classic&quot;}\">\n\t\t\t\t\t\t<div class=\"elementor-container elementor-column-gap-default\">\n\t\t\t\t\t<div class=\"elementor-column elementor-col-50 elementor-inner-column elementor-element elementor-element-7e2f6b4d\" data-id=\"7e2f6b4d\" data-element_type=\"column\" data-settings=\"{&quot;background_background&quot;:&quot;classic&quot;}\">\n\t\t\t<div class=\"elementor-widget-wrap elementor-element-populated\">\n\t\t\t\t\t\t<div class=\"elementor-element elementor-element-31f68dc1 elementor-widget-mobile__width-inherit elementor-widget elementor-widget-heading\" data-id=\"31f68dc1\" data-element_type=\"widget\" data-widget_type=\"heading.default\">\n\t\t\t\t<div class=\"elementor-widget-container\">\n\t\t\t\t\t<h5 class=\"elementor-heading-title elementor-size-default\">Un lugar con mucho ambiente<\/h5>\t\t\t\t<\/div>\n\t\t\t\t<\/div>\n\t\t\t\t<div class=\"elementor-element elementor-element-130fb417 elementor-widget elementor-widget-themo-testimonial\" data-id=\"130fb417\" data-element_type=\"widget\" data-widget_type=\"themo-testimonial.default\">\n\t\t\t\t<div class=\"elementor-widget-container\">\n\t\t\t\t\t        \n\t\t<div class=\"elementor-testimonial-wrapper th-testimonial-w th-txt-md elementor-testimonial-text-align-left\">\n\n            <div class=\"th-star-rating th-star-50 th-star-rating-top\">\n<span class=\"th-star-1 fa\"><\/span>\n<span class=\"th-star-2 fa\"><\/span>\n<span class=\"th-star-3 fa\"><\/span>\n<span class=\"th-star-4 fa\"><\/span>\n<span class=\"th-star-5 fa\"><\/span>\n<\/div>\n\t\t\t\t\t\t\t<div class=\"elementor-testimonial-content\">\"La mayor ventaja es el silencio. The Castle est\u00e1 situado en un lugar tranquilo, en un barrio de casas unifamiliares, as\u00ed que no se oye el ajetreo de la ciudad ni ning\u00fan otro ruido. \u00a1Solo paz y tranquilidad! Lo \u00fanico que nos rodea son \u00e1rboles verdes. La felicidad se complementa con el interior tanto de la habitaci\u00f3n como de todo el edificio\".<\/div>\n\t\t\t\n            \n\t\t\t\n                    <div class=\"elementor-testimonial-meta\">\n\n\t\t\t\t<div class=\"elementor-testimonial-meta-inner\">\n                    \n\t\t\t\t\t\t\t\t\t\t<div class=\"elementor-testimonial-details\">\n\t\t\t\t\t\t\t\t\t\t\t\t\t<div class=\"elementor-testimonial-name\">Miroslav (Polonia)<\/div>\n\t\t\t\t\t\t\n\t\t\t\t\t\t\t\t\t\t\t<\/div>\n\t\t\t\t\t\t\t\t\t<\/div>\n\t\t\t<\/div>\n\t\t\t\t\t<\/div>\n\t\t\t\t\t<\/div>\n\t\t\t\t<\/div>\n\t\t\t\t\t<\/div>\n\t\t<\/div>\n\t\t\t\t<div class=\"elementor-column elementor-col-50 elementor-inner-column elementor-element elementor-element-5a0d2e8d\" data-id=\"5a0d2e8d\" data-element_type=\"column\" data-settings=\"{&quot;background_background&quot;:&quot;classic&quot;}\">\n\t\t\t<div class=\"elementor-widget-wrap elementor-element-populated\">\n\t\t\t\t\t\t<div class=\"elementor-element elementor-element-55ed4dff elementor-widget-mobile__width-inherit elementor-widget elementor-widget-heading\" data-id=\"55ed4dff\" data-element_type=\"widget\" data-widget_type=\"heading.default\">\n\t\t\t\t<div class=\"elementor-widget-container\">\n\t\t\t\t\t<h5 class=\"elementor-heading-title elementor-size-default\">Un rinc\u00f3n tranquilo a pocos km. del centro de Cracovia.<\/h5>\t\t\t\t<\/div>\n\t\t\t\t<\/div>\n\t\t\t\t<div class=\"elementor-element elementor-element-2aa7afee elementor-widget elementor-widget-themo-testimonial\" data-id=\"2aa7afee\" data-element_type=\"widget\" data-widget_type=\"themo-testimonial.default\">\n\t\t\t\t<div class=\"elementor-widget-container\">\n\t\t\t\t\t        \n\t\t<div class=\"elementor-testimonial-wrapper th-testimonial-w th-txt-md elementor-testimonial-text-align-left\">\n\n            <div class=\"th-star-rating th-star-50 th-star-rating-top\">\n<span class=\"th-star-1 fa\"><\/span>\n<span class=\"th-star-2 fa\"><\/span>\n<span class=\"th-star-3 fa\"><\/span>\n<span class=\"th-star-4 fa\"><\/span>\n<span class=\"th-star-5 fa\"><\/span>\n<\/div>\n\t\t\t\t\t\t\t<div class=\"elementor-testimonial-content\">\"Tuvimos el placer de dormir en la torre con la cama redonda \ud83d\ude0d Una habitaci\u00f3n limpia y grande con todas las comodidades. La propiedad se encuentra a medio camino entre el centro de Cracovia y la Mina de Sal, por lo que la ubicaci\u00f3n es excelente. Aparcamiento privado y gratuito. El propietario, Roberto, es italiano, era muy cort\u00e9s y amable!!!\"<\/div>\n\t\t\t\n            \n\t\t\t\n                    <div class=\"elementor-testimonial-meta\">\n\n\t\t\t\t<div class=\"elementor-testimonial-meta-inner\">\n                    \n\t\t\t\t\t\t\t\t\t\t<div class=\"elementor-testimonial-details\">\n\t\t\t\t\t\t\t\t\t\t\t\t\t<div class=\"elementor-testimonial-name\">Imali (Italia)<\/div>\n\t\t\t\t\t\t\n\t\t\t\t\t\t\t\t\t\t\t<\/div>\n\t\t\t\t\t\t\t\t\t<\/div>\n\t\t\t<\/div>\n\t\t\t\t\t<\/div>\n\t\t\t\t\t<\/div>\n\t\t\t\t<\/div>\n\t\t\t\t\t<\/div>\n\t\t<\/div>\n\t\t\t\t\t<\/div>\n\t\t<\/section>\n\t\t\t\t\t<\/div>\n\t\t<\/div>\n\t\t\t\t\t<\/div>\n\t\t<\/section>\n\t\t\t\t<section class=\"elementor-section elementor-top-section elementor-element elementor-element-96a9a1d elementor-section-boxed elementor-section-height-default elementor-section-height-default\" data-id=\"96a9a1d\" data-element_type=\"section\">\n\t\t\t\t\t\t<div class=\"elementor-container elementor-column-gap-default\">\n\t\t\t\t\t<div class=\"elementor-column elementor-col-100 elementor-top-column elementor-element elementor-element-70210cde\" data-id=\"70210cde\" data-element_type=\"column\">\n\t\t\t<div class=\"elementor-widget-wrap\">\n\t\t\t\t\t\t\t<\/div>\n\t\t<\/div>\n\t\t\t\t\t<\/div>\n\t\t<\/section>\n\t\t\t\t<\/div>","protected":false},"excerpt":{"rendered":"<p>Paquete para eventos de empresa Nuestra propiedad es perfecta para peque\u00f1as empresas o equipos que buscan alojamiento privado para eventos o sesiones de formaci\u00f3n en Cracovia. Contacta con nosotros Planificar un evento de empresa, una sesi\u00f3n de formaci\u00f3n o una actividad de creaci\u00f3n de equipos en Cracovia puede ser todo un reto,... <a href=\"https:\/\/thecastle.com.pl\/es\/paquete-de-empresa\/\">Seguir leyendo<\/a><\/p>","protected":false},"author":1,"featured_media":0,"parent":0,"menu_order":32,"comment_status":"closed","ping_status":"closed","template":"","meta":{"footnotes":""},"class_list":["post-15360","page","type-page","status-publish","hentry"],"yoast_head":"<!-- This site is optimized with the Yoast SEO plugin v25.5 - https:\/\/yoast.com\/wordpress\/plugins\/seo\/ -->\n<title>Company event package - The Castle - Krakow Accommodation and Guide<\/title>\n<meta name=\"description\" content=\"Planning a company event, training session, or team-building activity in Krakow can be quite a challenge, especially for companies on a tight budget. At the Castle, we offer the option to book our entire property for your company and utilize our common room for your training sessions or meetings.\" \/>\n<meta name=\"robots\" content=\"index, follow, max-snippet:-1, max-image-preview:large, max-video-preview:-1\" \/>\n<link rel=\"canonical\" href=\"https:\/\/thecastle.com.pl\/es\/paquete-empresarial\/\" \/>\n<meta property=\"og:locale\" content=\"es_ES\" \/>\n<meta property=\"og:type\" content=\"article\" \/>\n<meta property=\"og:title\" content=\"Company event package - The Castle - Krakow Accommodation and Guide\" \/>\n<meta property=\"og:description\" content=\"Planning a company event, training session, or team-building activity in Krakow can be quite a challenge, especially for companies on a tight budget. At the Castle, we offer the option to book our entire property for your company and utilize our common room for your training sessions or meetings.\" \/>\n<meta property=\"og:url\" content=\"https:\/\/thecastle.com.pl\/es\/paquete-empresarial\/\" \/>\n<meta property=\"og:site_name\" content=\"The Castle - Krakow Accommodation and Guide\" \/>\n<meta property=\"article:modified_time\" content=\"2024-07-21T20:13:14+00:00\" \/>\n<meta property=\"og:image\" content=\"https:\/\/thecastle.com.pl\/wp-content\/uploads\/2024\/07\/conf-room-1-605x605.jpg\" \/>\n<meta name=\"twitter:card\" content=\"summary_large_image\" \/>\n<meta name=\"twitter:label1\" content=\"Tiempo de lectura\" \/>\n\t<meta name=\"twitter:data1\" content=\"4 minutos\" \/>\n<script type=\"application\/ld+json\" class=\"yoast-schema-graph\">{\"@context\":\"https:\/\/schema.org\",\"@graph\":[{\"@type\":\"WebPage\",\"@id\":\"https:\/\/thecastle.com.pl\/uk\/korporatyvnyy-paket\/\",\"url\":\"https:\/\/thecastle.com.pl\/uk\/korporatyvnyy-paket\/\",\"name\":\"Company event package - The Castle - Krakow Accommodation and Guide\",\"isPartOf\":{\"@id\":\"https:\/\/thecastle.com.pl\/it\/#website\"},\"primaryImageOfPage\":{\"@id\":\"https:\/\/thecastle.com.pl\/uk\/korporatyvnyy-paket\/#primaryimage\"},\"image\":{\"@id\":\"https:\/\/thecastle.com.pl\/uk\/korporatyvnyy-paket\/#primaryimage\"},\"thumbnailUrl\":\"https:\/\/thecastle.com.pl\/wp-content\/uploads\/2024\/07\/conf-room-1-605x605.jpg\",\"datePublished\":\"2024-07-16T18:32:07+00:00\",\"dateModified\":\"2024-07-21T20:13:14+00:00\",\"description\":\"Planning a company event, training session, or team-building activity in Krakow can be quite a challenge, especially for companies on a tight budget. At the Castle, we offer the option to book our entire property for your company and utilize our common room for your training sessions or meetings.\",\"breadcrumb\":{\"@id\":\"https:\/\/thecastle.com.pl\/uk\/korporatyvnyy-paket\/#breadcrumb\"},\"inLanguage\":\"es\",\"potentialAction\":[{\"@type\":\"ReadAction\",\"target\":[\"https:\/\/thecastle.com.pl\/uk\/korporatyvnyy-paket\/\"]}]},{\"@type\":\"ImageObject\",\"inLanguage\":\"es\",\"@id\":\"https:\/\/thecastle.com.pl\/uk\/korporatyvnyy-paket\/#primaryimage\",\"url\":\"https:\/\/thecastle.com.pl\/wp-content\/uploads\/2024\/07\/conf-room-1-605x605.jpg\",\"contentUrl\":\"https:\/\/thecastle.com.pl\/wp-content\/uploads\/2024\/07\/conf-room-1-605x605.jpg\"},{\"@type\":\"BreadcrumbList\",\"@id\":\"https:\/\/thecastle.com.pl\/uk\/korporatyvnyy-paket\/#breadcrumb\",\"itemListElement\":[{\"@type\":\"ListItem\",\"position\":1,\"name\":\"Home\",\"item\":\"https:\/\/thecastle.com.pl\/it\/\"},{\"@type\":\"ListItem\",\"position\":2,\"name\":\"Company event package\"}]},{\"@type\":\"WebSite\",\"@id\":\"https:\/\/thecastle.com.pl\/it\/#website\",\"url\":\"https:\/\/thecastle.com.pl\/it\/\",\"name\":\"The Castle - Krakow Accommodation and Guide\",\"description\":\"Your short-term stay in Krakow\",\"publisher\":{\"@id\":\"https:\/\/thecastle.com.pl\/it\/#organization\"},\"potentialAction\":[{\"@type\":\"SearchAction\",\"target\":{\"@type\":\"EntryPoint\",\"urlTemplate\":\"https:\/\/thecastle.com.pl\/it\/?s={search_term_string}\"},\"query-input\":{\"@type\":\"PropertyValueSpecification\",\"valueRequired\":true,\"valueName\":\"search_term_string\"}}],\"inLanguage\":\"es\"},{\"@type\":\"Organization\",\"@id\":\"https:\/\/thecastle.com.pl\/it\/#organization\",\"name\":\"The Castle - Krakow Accommodation and Guide\",\"url\":\"https:\/\/thecastle.com.pl\/it\/\",\"logo\":{\"@type\":\"ImageObject\",\"inLanguage\":\"es\",\"@id\":\"https:\/\/thecastle.com.pl\/it\/#\/schema\/logo\/image\/\",\"url\":\"https:\/\/thecastle.com.pl\/wp-content\/uploads\/2022\/08\/cropped-The-castle-suites-apartments_logo_2.jpg\",\"contentUrl\":\"https:\/\/thecastle.com.pl\/wp-content\/uploads\/2022\/08\/cropped-The-castle-suites-apartments_logo_2.jpg\",\"width\":1620,\"height\":1351,\"caption\":\"The Castle - Krakow Accommodation and Guide\"},\"image\":{\"@id\":\"https:\/\/thecastle.com.pl\/it\/#\/schema\/logo\/image\/\"}}]}<\/script>\n<!-- \/ Yoast SEO plugin. -->","yoast_head_json":{"title":"Paquete para eventos de empresa - The Castle - Cracovia Alojamiento y Gu\u00eda","description":"Planificar un evento de empresa, una sesi\u00f3n de formaci\u00f3n o una actividad de creaci\u00f3n de equipos en Cracovia puede ser todo un reto, especialmente para las empresas con un presupuesto ajustado. En el Castillo, le ofrecemos la posibilidad de reservar toda nuestra propiedad para su empresa y utilizar nuestra sala com\u00fan para sus sesiones de formaci\u00f3n o reuniones.","robots":{"index":"index","follow":"follow","max-snippet":"max-snippet:-1","max-image-preview":"max-image-preview:large","max-video-preview":"max-video-preview:-1"},"canonical":"https:\/\/thecastle.com.pl\/es\/paquete-empresarial\/","og_locale":"es_ES","og_type":"article","og_title":"Company event package - The Castle - Krakow Accommodation and Guide","og_description":"Planning a company event, training session, or team-building activity in Krakow can be quite a challenge, especially for companies on a tight budget. At the Castle, we offer the option to book our entire property for your company and utilize our common room for your training sessions or meetings.","og_url":"https:\/\/thecastle.com.pl\/es\/paquete-empresarial\/","og_site_name":"The Castle - Krakow Accommodation and Guide","article_modified_time":"2024-07-21T20:13:14+00:00","og_image":[{"url":"https:\/\/thecastle.com.pl\/wp-content\/uploads\/2024\/07\/conf-room-1-605x605.jpg","type":"","width":"","height":""}],"twitter_card":"summary_large_image","twitter_misc":{"Tiempo de lectura":"4 minutos"},"schema":{"@context":"https:\/\/schema.org","@graph":[{"@type":"WebPage","@id":"https:\/\/thecastle.com.pl\/uk\/korporatyvnyy-paket\/","url":"https:\/\/thecastle.com.pl\/uk\/korporatyvnyy-paket\/","name":"Paquete para eventos de empresa - The Castle - Cracovia Alojamiento y Gu\u00eda","isPartOf":{"@id":"https:\/\/thecastle.com.pl\/it\/#website"},"primaryImageOfPage":{"@id":"https:\/\/thecastle.com.pl\/uk\/korporatyvnyy-paket\/#primaryimage"},"image":{"@id":"https:\/\/thecastle.com.pl\/uk\/korporatyvnyy-paket\/#primaryimage"},"thumbnailUrl":"https:\/\/thecastle.com.pl\/wp-content\/uploads\/2024\/07\/conf-room-1-605x605.jpg","datePublished":"2024-07-16T18:32:07+00:00","dateModified":"2024-07-21T20:13:14+00:00","description":"Planificar un evento de empresa, una sesi\u00f3n de formaci\u00f3n o una actividad de creaci\u00f3n de equipos en Cracovia puede ser todo un reto, especialmente para las empresas con un presupuesto ajustado. En el Castillo, le ofrecemos la posibilidad de reservar toda nuestra propiedad para su empresa y utilizar nuestra sala com\u00fan para sus sesiones de formaci\u00f3n o reuniones.","breadcrumb":{"@id":"https:\/\/thecastle.com.pl\/uk\/korporatyvnyy-paket\/#breadcrumb"},"inLanguage":"es","potentialAction":[{"@type":"ReadAction","target":["https:\/\/thecastle.com.pl\/uk\/korporatyvnyy-paket\/"]}]},{"@type":"ImageObject","inLanguage":"es","@id":"https:\/\/thecastle.com.pl\/uk\/korporatyvnyy-paket\/#primaryimage","url":"https:\/\/thecastle.com.pl\/wp-content\/uploads\/2024\/07\/conf-room-1-605x605.jpg","contentUrl":"https:\/\/thecastle.com.pl\/wp-content\/uploads\/2024\/07\/conf-room-1-605x605.jpg"},{"@type":"BreadcrumbList","@id":"https:\/\/thecastle.com.pl\/uk\/korporatyvnyy-paket\/#breadcrumb","itemListElement":[{"@type":"ListItem","position":1,"name":"Home","item":"https:\/\/thecastle.com.pl\/it\/"},{"@type":"ListItem","position":2,"name":"Company event package"}]},{"@type":"WebSite","@id":"https:\/\/thecastle.com.pl\/it\/#website","url":"https:\/\/thecastle.com.pl\/it\/","name":"The Castle - Alojamiento y Gu\u00eda de Cracovia","description":"Estancia breve en Cracovia","publisher":{"@id":"https:\/\/thecastle.com.pl\/it\/#organization"},"potentialAction":[{"@type":"SearchAction","target":{"@type":"EntryPoint","urlTemplate":"https:\/\/thecastle.com.pl\/it\/?s={search_term_string}"},"query-input":{"@type":"PropertyValueSpecification","valueRequired":true,"valueName":"search_term_string"}}],"inLanguage":"es"},{"@type":"Organization","@id":"https:\/\/thecastle.com.pl\/it\/#organization","name":"The Castle - Alojamiento y Gu\u00eda de Cracovia","url":"https:\/\/thecastle.com.pl\/it\/","logo":{"@type":"ImageObject","inLanguage":"es","@id":"https:\/\/thecastle.com.pl\/it\/#\/schema\/logo\/image\/","url":"https:\/\/thecastle.com.pl\/wp-content\/uploads\/2022\/08\/cropped-The-castle-suites-apartments_logo_2.jpg","contentUrl":"https:\/\/thecastle.com.pl\/wp-content\/uploads\/2022\/08\/cropped-The-castle-suites-apartments_logo_2.jpg","width":1620,"height":1351,"caption":"The Castle - Krakow Accommodation and Guide"},"image":{"@id":"https:\/\/thecastle.com.pl\/it\/#\/schema\/logo\/image\/"}}]}},"_links":{"self":[{"href":"https:\/\/thecastle.com.pl\/es\/wp-json\/wp\/v2\/pages\/15360","targetHints":{"allow":["GET"]}}],"collection":[{"href":"https:\/\/thecastle.com.pl\/es\/wp-json\/wp\/v2\/pages"}],"about":[{"href":"https:\/\/thecastle.com.pl\/es\/wp-json\/wp\/v2\/types\/page"}],"author":[{"embeddable":true,"href":"https:\/\/thecastle.com.pl\/es\/wp-json\/wp\/v2\/users\/1"}],"replies":[{"embeddable":true,"href":"https:\/\/thecastle.com.pl\/es\/wp-json\/wp\/v2\/comments?post=15360"}],"version-history":[{"count":5,"href":"https:\/\/thecastle.com.pl\/es\/wp-json\/wp\/v2\/pages\/15360\/revisions"}],"predecessor-version":[{"id":15628,"href":"https:\/\/thecastle.com.pl\/es\/wp-json\/wp\/v2\/pages\/15360\/revisions\/15628"}],"wp:attachment":[{"href":"https:\/\/thecastle.com.pl\/es\/wp-json\/wp\/v2\/media?parent=15360"}],"curies":[{"name":"wp","href":"https:\/\/api.w.org\/{rel}","templated":true}]}}